{"id":722,"date":"2026-02-11T19:07:59","date_gmt":"2026-02-11T18:07:59","guid":{"rendered":"https:\/\/web.hotelmaranellovillage.com\/dreizimmerwohnung\/"},"modified":"2026-04-24T12:49:26","modified_gmt":"2026-04-24T10:49:26","slug":"dreizimmerwohnung","status":"publish","type":"page","link":"https:\/\/www.hotelmaranellovillage.com\/de\/residence\/dreizimmerwohnung\/","title":{"rendered":"Dreizimmerwohnung"},"content":{"rendered":"<div class=\"wpb-content-wrapper\"><p>[vc_row full_width=&#8220;stretch_row_content_no_spaces&#8220; content_placement=&#8220;middle&#8220;][vc_column width=&#8220;1\/2&#8243; css=&#8220;.vc_custom_1772647186520{padding-top: 0px !important;background-image: url(https:\/\/www.hotelmaranellovillage.com\/wp-content\/uploads\/2026\/03\/hotel-maranello-village-appartamento-trilocale-maranello-05.jpg?id=291) !important;background-position: center !important;background-repeat: no-repeat !important;background-size: cover !important;}&#8220;]<div title=\"Dreizimmerwohnung Residence - Maranello Village\" class=\"image-wrapper\">\n\t\t\t\t<figure class=\"aspect-image\" style=\"background-image:url('https:\/\/www.hotelmaranellovillage.com\/wp-content\/themes\/aitec\/img\/transparent-placeholder.png'); aspect-ratio: 3 \/ 2; \">\n\t\t\t\t\t<img decoding=\"async\" src=\"https:\/\/www.hotelmaranellovillage.com\/wp-content\/uploads\/2026\/03\/hotel-maranello-village-appartamento-trilocale-maranello-05-1024x683.jpg\" alt=\"Dreizimmerwohnung Residence - Maranello Village\">\n\t\t\t\t\t<figcaption>Dreizimmerwohnung Residence - Maranello Village<\/figcaption>\n\t\t\t\t<\/figure>\n\t\t\t<\/div>[\/vc_column][vc_column width=&#8220;1\/3&#8243; offset=&#8220;vc_col-sm-offset-1&#8243;]<h1 class=\"deco-title sinistra\"><span class=\"eyelet\">Residence<\/span> Apartment <mark class=\"subtitle\">Dreizimmerwohnung<\/mark><\/h1>[vc_column_text css=&#8220;&#8220;]Die <strong>Zweizimmerwohnungen<\/strong> der Residence Maranello Village verf\u00fcgen \u00fcber <strong>zwei Schlafzimmer<\/strong> und sind die ideale L\u00f6sung f\u00fcr Familien oder Gruppen von Arbeitnehmern, die sich eine Wohnung teilen m\u00f6chten.<\/p>\n<p>Auch hier haben Sie je nach gew\u00e4hltem Tarif <strong>eine gro\u00dfe Auswahl an kostenlosen und kostenpflichtigen Serviceleistungen<\/strong>, die das ganze Jahr \u00fcber zur Verf\u00fcgung stehen, vom Wi-Fi bis zum Parken und vom W\u00e4schewechsel bis zur Reinigung.[\/vc_column_text]<div class=\"button-wrapper sinistra\">\r\n\t\t\t\t\t<button type=\"button\" class=\"btn btn-default modal-btn btn-lg\" data-bs-target=\"#form-69f4b83621854-modal\" data-modal=\"PGRpdiBjbGFzcz0ibW9kYWwgZmFkZSIgaWQ9ImZvcm0tMTU0Ni1tb2RhbCIgdGFiaW5kZXg9Ii0xIiBhcmlhLWxhYmVsbGVkYnk9ImZvcm0tMTU0Ni1tb2RhbC1sYWJlbCIgYXJpYS1oaWRkZW49InRydWUiPjxkaXYgY2xhc3M9Im1vZGFsLWRpYWxvZyBtb2RhbC1kaWFsb2ctY2VudGVyZWQiPjxkaXYgY2xhc3M9Im1vZGFsLWNvbnRlbnQiPjxkaXYgY2xhc3M9Im1vZGFsLWhlYWRlciI+PGg1IGNsYXNzPSJtb2RhbC10aXRsZSIgaWQ9ImZvcm0tMTU0Ni1tb2RhbC1sYWJlbCI+VHJpbG9jYWxlIFJlc2lkZW5jZTwvaDU+PGJ1dHRvbiB0eXBlPSJidXR0b24iIGNsYXNzPSJidG4tY2xvc2UiIGRhdGEtYnMtZGlzbWlzcz0ibW9kYWwiIGFyaWEtbGFiZWw9IkNsb3NlIj48L2J1dHRvbj48L2Rpdj48ZGl2IGNsYXNzPSJtb2RhbC1ib2R5Ij48Zm9ybSBpZD0iZm9ybS0xNTQ2IiBjbGFzcz0iYWNmZC1mb3JtIG5lZWRzLXZhbGlkYXRpb24iIG5vdmFsaWRhdGUgZGF0YS1yZWNhcHRjaGE9IiIgZGF0YS1nb29nbGVfYW5hbHl0aWNzPSJmYWxzZSI+PGlucHV0IHR5cGU9ImhpZGRlbiIgbmFtZT0iYWNmZF9mb3JtX2lkIiB2YWx1ZT0iMTU0NiI+PGlucHV0IHR5cGU9ImhpZGRlbiIgbmFtZT0iYWNmZF9yZW1vdGVfYWRkciIgdmFsdWU9IjIxNi43My4yMTYuMTEyIj48aW5wdXQgdHlwZT0iaGlkZGVuIiBuYW1lPSJhY2ZkX3JlcXVlc3RfdXJpIiB2YWx1ZT0iL2RlL3dwLWpzb24vd3AvdjIvcGFnZXMvNzIyIj48aW5wdXQgdHlwZT0iaGlkZGVuIiBuYW1lPSJhY2ZkX3VzZXJfYWdlbnQiIHZhbHVlPSJNb3ppbGxhLzUuMCBBcHBsZVdlYktpdC81MzcuMzYgKEtIVE1MLCBsaWtlIEdlY2tvOyBjb21wYXRpYmxlOyBDbGF1ZGVCb3QvMS4wOyArY2xhdWRlYm90QGFudGhyb3BpYy5jb20pIj48aW5wdXQgdHlwZT0iaGlkZGVuIiBuYW1lPSJhY2ZkX2NvbXBsZXRlX3VybCIgdmFsdWU9Imh0dHBzOi8vd3d3LmhvdGVsbWFyYW5lbGxvdmlsbGFnZS5jb20vZGUvd3AtanNvbi93cC92Mi9wYWdlcy83MjIiPlt2Y19yb3cgZ2FwPSIxNSJdW3ZjX2NvbHVtbiB3aWR0aD0iMS8yIl08ZGl2IGNsYXNzPSJtYi0zIj4KCTxsYWJlbCBmb3I9Im5vbWUtMTU0NiIgY2xhc3M9ImFjZmQtbGFiZWwgZm9ybS1sYWJlbCI+TmFtZSA8YWJiciB0aXRsZT0iUmVxdWlyZWQgZmllbGQiPiYjNDI7PC9hYmJyPjwvbGFiZWw+Cgk8aW5wdXQgdHlwZT0idGV4dCIgY2xhc3M9ImZvcm0tY29udHJvbCAiIGlkPSJub21lLTE1NDYiIG5hbWU9Im5vbWUiIHBsYWNlaG9sZGVyPSJJaHIgTmFtZSIgIHJlcXVpcmVkPgo8L2Rpdj4KWy92Y19jb2x1bW5dW3ZjX2NvbHVtbiB3aWR0aD0iMS8yIl08ZGl2IGNsYXNzPSJtYi0zIj4KCTxsYWJlbCBmb3I9ImNvZ25vbWUtMTU0NiIgY2xhc3M9ImFjZmQtbGFiZWwgZm9ybS1sYWJlbCI+TmFjaG5hbWUgPGFiYnIgdGl0bGU9IlJlcXVpcmVkIGZpZWxkIj4mIzQyOzwvYWJicj48L2xhYmVsPgoJPGlucHV0IHR5cGU9InRleHQiIGNsYXNzPSJmb3JtLWNvbnRyb2wgIiBpZD0iY29nbm9tZS0xNTQ2IiBuYW1lPSJjb2dub21lIiBwbGFjZWhvbGRlcj0iSWhyIE5hY2huYW1lIiAgcmVxdWlyZWQ+CjwvZGl2PgpbL3ZjX2NvbHVtbl1bL3ZjX3Jvd11bdmNfcm93XVt2Y19jb2x1bW5dPGRpdiBjbGFzcz0ibWItMyI+Cgk8bGFiZWwgZm9yPSJlbWFpbC0xNTQ2IiBjbGFzcz0iYWNmZC1sYWJlbCBmb3JtLWxhYmVsIj5FLU1haWwgPGFiYnIgdGl0bGU9IlJlcXVpcmVkIGZpZWxkIj4mIzQyOzwvYWJicj48L2xhYmVsPgoJPGlucHV0IHR5cGU9ImVtYWlsIiBjbGFzcz0iZm9ybS1jb250cm9sICIgaWQ9ImVtYWlsLTE1NDYiIG5hbWU9ImVtYWlsIiBwbGFjZWhvbGRlcj0ibGF0dWFAZW1haWwuaXQiICByZXF1aXJlZD4KPC9kaXY+ClsvdmNfY29sdW1uXVsvdmNfcm93XVt2Y19yb3ddW3ZjX2NvbHVtbl08ZGl2IGNsYXNzPSJtYi0zIj4KCTxsYWJlbCBmb3I9InRlbGVmb25vLTE1NDYiIGNsYXNzPSJhY2ZkLWxhYmVsIGZvcm0tbGFiZWwiPlRlbGVmb24gPGFiYnIgdGl0bGU9IlJlcXVpcmVkIGZpZWxkIj4mIzQyOzwvYWJicj48L2xhYmVsPgoJPGlucHV0IHR5cGU9InRleHQiIGNsYXNzPSJmb3JtLWNvbnRyb2wgIiBpZD0idGVsZWZvbm8tMTU0NiIgbmFtZT0idGVsZWZvbm8iIHBsYWNlaG9sZGVyPSIrMzkuLi4iICByZXF1aXJlZD4KPC9kaXY+ClsvdmNfY29sdW1uXVsvdmNfcm93XVt2Y19yb3ddW3ZjX2NvbHVtbl08ZGl2IGNsYXNzPSJtYi0zIj4KCTxsYWJlbCBmb3I9Im1lc3NhZ2dpby0xNTQ2Ij5JaHJlIEFuZnJhZ2UgPGFiYnIgdGl0bGU9IlJlcXVpcmVkIGZpZWxkIj4mIzQyOzwvYWJicj48L2xhYmVsPgoJPHRleHRhcmVhIGNsYXNzPSJmb3JtLWNvbnRyb2wgIiByb3dzPSI0IiBpZD0ibWVzc2FnZ2lvLTE1NDYiIG5hbWU9Im1lc3NhZ2dpbyIgYXJpYS1kZXNjcmliZWRieT0ibWVzc2FnZ2lvLTE1NDYtaGVscCIgICByZXF1aXJlZD48L3RleHRhcmVhPgoJPHNtYWxsIGlkPSJtZXNzYWdnaW8xNTQ2LWhlbHAiIGNsYXNzPSJmb3JtLXRleHQgdGV4dC1tdXRlZCI+U3BlY2lmaWNhIHF1aSBsYSB0dWEgcmljaGllc3RhPC9zbWFsbD4KPC9kaXY+ClsvdmNfY29sdW1uXVsvdmNfcm93XVt2Y19yb3ddW3ZjX2NvbHVtbl0JPGRpdiBjbGFzcz0iZm9ybS1jaGVjayBtYi0xIj4KCQk8aW5wdXQgdHlwZT0iY2hlY2tib3giIGNsYXNzPSJmb3JtLWNoZWNrLWlucHV0IiBpZD0icHJpdmFjeS0xNTQ2LTAiIG5hbWU9InByaXZhY3kiIHZhbHVlPSJhY2NvbnNlbnRvIiByZXF1aXJlZCAvPgoJCTxsYWJlbCBjbGFzcz0iZm9ybS1jaGVjay1sYWJlbCIgZm9yPSJwcml2YWN5LTE1NDYtMCI+SG8gcHJlc28gdmlzaW9uZSBkZWxsYSBwcml2YWN5IHBvbGljeSBlIGFjY29uc2VudG8gYWwgdHJhdHRhbWVudG8gZGVpIG1pZWkgZGF0aSBwZXJzb25hbGkgPGFiYnIgdGl0bGU9IlJlcXVpcmVkIGZpZWxkIj4mIzQyOzwvYWJicj48L2xhYmVsPgoJPC9kaXY+Cgk8ZGl2IGNsYXNzPSJmb3JtLWNoZWNrIG1iLTEiPgoJCTxpbnB1dCB0eXBlPSJjaGVja2JveCIgY2xhc3M9ImZvcm0tY2hlY2staW5wdXQiIGlkPSJuZXdzbGV0dGVyLTE1NDYtMCIgbmFtZT0ibmV3c2xldHRlciIgdmFsdWU9IkFERCIgLz4KCQk8bGFiZWwgY2xhc3M9ImZvcm0tY2hlY2stbGFiZWwiIGZvcj0ibmV3c2xldHRlci0xNTQ2LTAiPkRlc2lkZXJvIHJlc3RhcmUgaW5mb3JtYXRvIGUgcmljZXZlcmUgaW5mb3JtYXppb25pIHZpYSBlLW1haWwgc3VsbGUgbm92aXTDoCBlIGxlIG9mZmVydGUgZGVsIE1hcmFuZWxsbyB2aWxsYWdlPC9sYWJlbD4KCTwvZGl2PgpbL3ZjX2NvbHVtbl1bL3ZjX3Jvd11bdmNfcm93XVt2Y19jb2x1bW5dPGRpdiBjbGFzcz0iYnV0dG9uLXdyYXBwZXIgbWItMyI+Cgk8YnV0dG9uIHR5cGU9InN1Ym1pdCIgaWQ9ImludmlhLTE1NDYiIGNsYXNzPSJidG4gYnRuLWRlZmF1bHQiPkFuZnJhZ2Ugc2VuZGVuIDxpIGNsYXNzPSJidG4taWNvbiBmYXMgZmEtZW52ZWxvcGUiPjwvaT48L2J1dHRvbj4KPC9kaXY+ClsvdmNfY29sdW1uXVsvdmNfcm93XTxkaXYgY2xhc3M9Im1vZGFsIGFjZmQtZm9ybS1yZXNwb25zZSIgZGF0YS1mb3JtPSJmb3JtLSIxNTQ2IiIgdGFiaW5kZXg9Ii0xIj48ZGl2IGNsYXNzPSJtb2RhbC1kaWFsb2cgbW9kYWwtZGlhbG9nLWNlbnRlcmVkIj48ZGl2IGNsYXNzPSJtb2RhbC1jb250ZW50Ij48ZGl2IGNsYXNzPSJtb2RhbC1oZWFkZXIiPjxoNSBjbGFzcz0ibW9kYWwtdGl0bGUiPjwvaDU+PGJ1dHRvbiB0eXBlPSJidXR0b24iIGNsYXNzPSJidG4tY2xvc2UiIGRhdGEtYnMtZGlzbWlzcz0ibW9kYWwiIGFyaWEtbGFiZWw9IkNsb3NlIj48L2J1dHRvbj48L2Rpdj48ZGl2IGNsYXNzPSJtb2RhbC1ib2R5Ij48L2Rpdj48L2Rpdj48L2Rpdj48L2Rpdj48L2Zvcm0+PC9kaXY+PC9kaXY+PC9kaXY+PC9kaXY+\">Richiedi informazioni<\/button>\r\n\t\t\t\t<\/div>[\/vc_column][\/vc_row][vc_row full_width=&#8220;stretch_row&#8220; css=&#8220;.vc_custom_1772646368814{padding-top: 2em !important;padding-bottom: 4em !important;background-color: #EFEFEF !important;}&#8220;][vc_column width=&#8220;1\/2&#8243;]<h2 class=\"deco-title sinistra\"> Services <mark class=\"subtitle\">inklusive<\/mark><\/h2><ul class=\"feature-list text-column-2\">\n\t\t\t\t\t<li><a href=\"https:\/\/www.simplebooking.it\/ibe2\/hotel\/2562?lang=IT\" title=\"Wi-Fi-Basis\"><i class=\"fas fa-wifi\"><\/i> Wi-Fi-Basis<\/a><\/li>\n<li><a href=\"https:\/\/www.simplebooking.it\/ibe2\/hotel\/2562?lang=IT\" title=\"32\" LCD-FERNSEHER\"><i class=\"fas fa-tv\"><\/i> 32\" LCD-FERNSEHER<\/a><\/li>\n<li><a href=\"https:\/\/www.simplebooking.it\/ibe2\/hotel\/2562?lang=IT\" title=\"Ausgestattete K\u00fcche\"><i class=\"fas fa-kitchen-set\"><\/i> Ausgestattete K\u00fcche<\/a><\/li>\n<li><a href=\"https:\/\/www.simplebooking.it\/ibe2\/hotel\/2562?lang=IT\" title=\"Geschirrsp\u00fclmaschinen\"><i class=\"fas fa-hands-bubbles\"><\/i> Geschirrsp\u00fclmaschinen<\/a><\/li>\n<li><a href=\"https:\/\/www.simplebooking.it\/ibe2\/hotel\/2562?lang=IT\" title=\"Waschmaschine\"><i class=\"fas fa-jug-detergent\"><\/i> Waschmaschine<\/a><\/li>\n<li><a href=\"https:\/\/www.simplebooking.it\/ibe2\/hotel\/2562?lang=IT\" title=\"Badezimmer mit Dusche\"><i class=\"fas fa-shower\"><\/i> Badezimmer mit Dusche<\/a><\/li>\n<li><a href=\"https:\/\/www.simplebooking.it\/ibe2\/hotel\/2562?lang=IT\" title=\"H\u00f6flichkeitsset\"><i class=\"fas fa-pump-soap\"><\/i> H\u00f6flichkeitsset<\/a><\/li>\n<li><a href=\"https:\/\/www.simplebooking.it\/ibe2\/hotel\/2562?lang=IT\" title=\"Haartrockner\"><i class=\"fas fa-wind\"><\/i> Haartrockner<\/a><\/li>\n<li><a href=\"https:\/\/www.simplebooking.it\/ibe2\/hotel\/2562?lang=IT\" title=\"Parken im Freien\"><i class=\"fas fa-parking\"><\/i> Parken im Freien<\/a><\/li>\n<li><a href=\"https:\/\/www.simplebooking.it\/ibe2\/hotel\/2562?lang=IT\" title=\"Domizil oder Wohnsitz\"><i class=\"fas fa-house-user\"><\/i> Domizil oder Wohnsitz<\/a><\/li>\n\t\t\t\t<\/ul>[\/vc_column][vc_column width=&#8220;1\/2&#8243;]<h2 class=\"deco-title sinistra\"> Services <mark class=\"subtitle\">Zubeh\u00f6r<\/mark><\/h2><ul class=\"feature-list text-column-2\">\n\t\t\t\t\t<li><a href=\"https:\/\/www.simplebooking.it\/ibe2\/hotel\/2562?lang=IT\" title=\"Wi-Fi Unbegrenzt\"><i class=\"fas fa-wifi\"><\/i> Wi-Fi Unbegrenzt<\/a><\/li>\n<li><a href=\"https:\/\/www.simplebooking.it\/ibe2\/hotel\/2562?lang=IT\" title=\"Wasser-, Strom- und Gasversorger\"><i class=\"fas fa-fire-flame-simple\"><\/i> Wasser-, Strom- und Gasversorger<\/a><\/li>\n<li><a href=\"https:\/\/www.simplebooking.it\/ibe2\/hotel\/2562?lang=IT\" title=\"Wechsel der Bettw\u00e4sche\"><i class=\"fas fa-bed\"><\/i> Wechsel der Bettw\u00e4sche<\/a><\/li>\n<li><a href=\"https:\/\/www.simplebooking.it\/ibe2\/hotel\/2562?lang=IT\" title=\"W\u00f6chentliche Reinigung\"><i class=\"fas fa-broom\"><\/i> W\u00f6chentliche Reinigung<\/a><\/li>\n<li><a href=\"https:\/\/www.simplebooking.it\/ibe2\/hotel\/2562?lang=IT\" title=\"\u00dcberdachte Garage\"><i class=\"fas fa-warehouse\"><\/i> \u00dcberdachte Garage<\/a><\/li>\n<li><a href=\"https:\/\/www.simplebooking.it\/ibe2\/hotel\/2562?lang=IT\" title=\"Endreinigung\"><i class=\"fas fa-soap\"><\/i> Endreinigung<\/a><\/li>\n<li><a href=\"https:\/\/www.simplebooking.it\/ibe2\/hotel\/2562?lang=IT\" title=\"Fr\u00fchst\u00fcck\"><i class=\"fas fa-mug-hot\"><\/i> Fr\u00fchst\u00fcck<\/a><\/li>\n\t\t\t\t<\/ul>[\/vc_column][\/vc_row][vc_row full_width=&#8220;stretch_row&#8220; css=&#8220;.vc_custom_1772646399338{padding-top: 0px !important;padding-bottom: 2em !important;background-color: #101010 !important;}&#8220;][vc_column]<div class=\"image-gallery\">\r\n\t\t\t\t\t<div class=\"row justify-content-center\">\r\n\t\t\t\t\t\t<div class=\"col-xl-3 col-6\">\r\n\t\t\t\t\t\t\r\n\t\t\t\t\t\t<figure class=\"aspect-image lightbox\" style=\"background-image:url('https:\/\/www.hotelmaranellovillage.com\/wp-content\/uploads\/2026\/03\/hotel-maranello-village-appartamento-trilocale-maranello-01-1024x683.jpg'); aspect-ratio:1 \/ 1;\" data-url=\"https:\/\/www.hotelmaranellovillage.com\/wp-content\/uploads\/2026\/03\/hotel-maranello-village-appartamento-trilocale-maranello-01.jpg\" data-width=\"1200\" data-height=\"800\">\r\n\t\t\t\t\t\t\t<img decoding=\"async\" src=\"https:\/\/www.hotelmaranellovillage.com\/wp-content\/uploads\/2026\/03\/hotel-maranello-village-appartamento-trilocale-maranello-01-1024x683.jpg\" alt=\"\" \/>\r\n\t\t\t\t\t\t\t\r\n\t\t\t\t\t\t<\/figure>\r\n\t\t\t\t\t\t\r\n\t\t\t\t\t<\/div>\n<div class=\"col-xl-3 col-6\">\r\n\t\t\t\t\t\t\r\n\t\t\t\t\t\t<figure class=\"aspect-image lightbox lightbox\" style=\"background-image:url('https:\/\/www.hotelmaranellovillage.com\/wp-content\/uploads\/2026\/03\/hotel-maranello-village-appartamento-trilocale-maranello-04-1024x683.jpg'); aspect-ratio:1 \/ 1;\" data-url=\"https:\/\/www.hotelmaranellovillage.com\/wp-content\/uploads\/2026\/03\/hotel-maranello-village-appartamento-trilocale-maranello-04.jpg\" data-width=\"1200\" data-height=\"800\">\r\n\t\t\t\t\t\t\t<img decoding=\"async\" src=\"https:\/\/www.hotelmaranellovillage.com\/wp-content\/uploads\/2026\/03\/hotel-maranello-village-appartamento-trilocale-maranello-04-1024x683.jpg\" alt=\"\" \/>\r\n\t\t\t\t\t\t\t\r\n\t\t\t\t\t\t<\/figure>\r\n\t\t\t\t\t\t\r\n\t\t\t\t\t<\/div>\n<div class=\"col-xl-3 col-6\">\r\n\t\t\t\t\t\t\r\n\t\t\t\t\t\t<figure class=\"aspect-image lightbox lightbox lightbox\" style=\"background-image:url('https:\/\/www.hotelmaranellovillage.com\/wp-content\/uploads\/2026\/03\/hotel-maranello-village-appartamento-trilocale-maranello-03-1024x683.jpg'); aspect-ratio:1 \/ 1;\" data-url=\"https:\/\/www.hotelmaranellovillage.com\/wp-content\/uploads\/2026\/03\/hotel-maranello-village-appartamento-trilocale-maranello-03.jpg\" data-width=\"1200\" data-height=\"800\">\r\n\t\t\t\t\t\t\t<img decoding=\"async\" src=\"https:\/\/www.hotelmaranellovillage.com\/wp-content\/uploads\/2026\/03\/hotel-maranello-village-appartamento-trilocale-maranello-03-1024x683.jpg\" alt=\"\" \/>\r\n\t\t\t\t\t\t\t\r\n\t\t\t\t\t\t<\/figure>\r\n\t\t\t\t\t\t\r\n\t\t\t\t\t<\/div>\n<div class=\"col-xl-3 col-6\">\r\n\t\t\t\t\t\t\r\n\t\t\t\t\t\t<figure class=\"aspect-image lightbox lightbox lightbox lightbox\" style=\"background-image:url('https:\/\/www.hotelmaranellovillage.com\/wp-content\/uploads\/2026\/03\/hotel-maranello-village-appartamento-trilocale-maranello-02-1024x683.jpg'); aspect-ratio:1 \/ 1;\" data-url=\"https:\/\/www.hotelmaranellovillage.com\/wp-content\/uploads\/2026\/03\/hotel-maranello-village-appartamento-trilocale-maranello-02.jpg\" data-width=\"1200\" data-height=\"800\">\r\n\t\t\t\t\t\t\t<img decoding=\"async\" src=\"https:\/\/www.hotelmaranellovillage.com\/wp-content\/uploads\/2026\/03\/hotel-maranello-village-appartamento-trilocale-maranello-02-1024x683.jpg\" alt=\"\" \/>\r\n\t\t\t\t\t\t\t\r\n\t\t\t\t\t\t<\/figure>\r\n\t\t\t\t\t\t\r\n\t\t\t\t\t<\/div>\r\n\t\t\t\t\t<\/div>\r\n\t\t\t\t<\/div>[\/vc_column][\/vc_row]<\/p>\n<\/div>","protected":false},"excerpt":{"rendered":"<p>[vc_row full_width=&#8220;stretch_row_content_no_spaces&#8220; content_placement=&#8220;middle&#8220;][vc_column width=&#8220;1\/2&#8243; css=&#8220;.vc_custom_1772647186520{padding-top: 0px !important;background-image: url(https:\/\/www.hotelmaranellovillage.com\/wp-content\/uploads\/2026\/03\/hotel-maranello-village-appartamento-trilocale-maranello-05.jpg?id=291) !important;background-position: center !important;background-repeat: no-repeat !important;background-size: cover !important;}&#8220;][\/vc_column][vc_column width=&#8220;1\/3&#8243; offset=&#8220;vc_col-sm-offset-1&#8243;][vc_column_text css=&#8220;&#8220;]Die Zweizimmerwohnungen der Residence Maranello Village verf\u00fcgen \u00fcber zwei Schlafzimmer und sind die ideale L\u00f6sung f\u00fcr Familien oder Gruppen von Arbeitnehmern, die sich eine Wohnung teilen m\u00f6chten. Auch hier haben Sie je nach gew\u00e4hltem Tarif eine gro\u00dfe Auswahl [&hellip;]<\/p>\n","protected":false},"author":1,"featured_media":727,"parent":1061,"menu_order":0,"comment_status":"closed","ping_status":"closed","template":"","meta":{"_acf_changed":false,"rs_blank_template":"","rs_page_bg_color":"","slide_template_v7":"","footnotes":""},"class_list":["post-722","page","type-page","status-publish","has-post-thumbnail","hentry"],"acf":[],"yoast_head":"<!-- This site is optimized with the Yoast SEO plugin v27.5 - https:\/\/yoast.com\/product\/yoast-seo-wordpress\/ -->\n<title>Dreizimmerwohnung | Maranello Village - Hotel &amp; Residence Sito Ufficiale<\/title>\n<meta name=\"robots\" content=\"index, follow, max-snippet:-1, max-image-preview:large, max-video-preview:-1\" \/>\n<link rel=\"canonical\" href=\"https:\/\/www.hotelmaranellovillage.com\/de\/residence\/dreizimmerwohnung\/\" \/>\n<meta property=\"og:locale\" content=\"de_DE\" \/>\n<meta property=\"og:type\" content=\"article\" \/>\n<meta property=\"og:title\" content=\"Dreizimmerwohnung | Maranello Village - Hotel &amp; Residence Sito Ufficiale\" \/>\n<meta property=\"og:description\" content=\"[vc_row full_width=&#8220;stretch_row_content_no_spaces&#8220; content_placement=&#8220;middle&#8220;][vc_column width=&#8220;1\/2&#8243; css=&#8220;.vc_custom_1772647186520{padding-top: 0px !important;background-image: url(https:\/\/www.hotelmaranellovillage.com\/wp-content\/uploads\/2026\/03\/hotel-maranello-village-appartamento-trilocale-maranello-05.jpg?id=291) !important;background-position: center !important;background-repeat: no-repeat !important;background-size: cover !important;}&#8220;][\/vc_column][vc_column width=&#8220;1\/3&#8243; offset=&#8220;vc_col-sm-offset-1&#8243;][vc_column_text css=&#8220;&#8220;]Die Zweizimmerwohnungen der Residence Maranello Village verf\u00fcgen \u00fcber zwei Schlafzimmer und sind die ideale L\u00f6sung f\u00fcr Familien oder Gruppen von Arbeitnehmern, die sich eine Wohnung teilen m\u00f6chten. Auch hier haben Sie je nach gew\u00e4hltem Tarif eine gro\u00dfe Auswahl [&hellip;]\" \/>\n<meta property=\"og:url\" content=\"https:\/\/www.hotelmaranellovillage.com\/de\/residence\/dreizimmerwohnung\/\" \/>\n<meta property=\"og:site_name\" content=\"Maranello Village\" \/>\n<meta property=\"article:publisher\" content=\"https:\/\/www.facebook.com\/MaranelloVillage\" \/>\n<meta property=\"article:modified_time\" content=\"2026-04-24T10:49:26+00:00\" \/>\n<meta property=\"og:image\" content=\"https:\/\/www.hotelmaranellovillage.com\/wp-content\/uploads\/2026\/03\/hotel-maranello-village-appartamento-trilocale-maranello-05.jpg\" \/>\n\t<meta property=\"og:image:width\" content=\"1200\" \/>\n\t<meta property=\"og:image:height\" content=\"800\" \/>\n\t<meta property=\"og:image:type\" content=\"image\/jpeg\" \/>\n<meta name=\"twitter:card\" content=\"summary_large_image\" \/>\n<meta name=\"twitter:label1\" content=\"Gesch\u00e4tzte Lesezeit\" \/>\n\t<meta name=\"twitter:data1\" content=\"3\u00a0Minuten\" \/>\n<script type=\"application\/ld+json\" class=\"yoast-schema-graph\">{\"@context\":\"https:\\\/\\\/schema.org\",\"@graph\":[{\"@type\":\"WebPage\",\"@id\":\"https:\\\/\\\/www.hotelmaranellovillage.com\\\/de\\\/residence\\\/dreizimmerwohnung\\\/\",\"url\":\"https:\\\/\\\/www.hotelmaranellovillage.com\\\/de\\\/residence\\\/dreizimmerwohnung\\\/\",\"name\":\"Dreizimmerwohnung | Maranello Village - Hotel & Residence Sito Ufficiale\",\"isPartOf\":{\"@id\":\"https:\\\/\\\/www.hotelmaranellovillage.com\\\/fr\\\/#website\"},\"primaryImageOfPage\":{\"@id\":\"https:\\\/\\\/www.hotelmaranellovillage.com\\\/de\\\/residence\\\/dreizimmerwohnung\\\/#primaryimage\"},\"image\":{\"@id\":\"https:\\\/\\\/www.hotelmaranellovillage.com\\\/de\\\/residence\\\/dreizimmerwohnung\\\/#primaryimage\"},\"thumbnailUrl\":\"https:\\\/\\\/www.hotelmaranellovillage.com\\\/wp-content\\\/uploads\\\/2026\\\/03\\\/hotel-maranello-village-appartamento-trilocale-maranello-05.jpg\",\"datePublished\":\"2026-02-11T18:07:59+00:00\",\"dateModified\":\"2026-04-24T10:49:26+00:00\",\"breadcrumb\":{\"@id\":\"https:\\\/\\\/www.hotelmaranellovillage.com\\\/de\\\/residence\\\/dreizimmerwohnung\\\/#breadcrumb\"},\"inLanguage\":\"de\",\"potentialAction\":[{\"@type\":\"ReadAction\",\"target\":[\"https:\\\/\\\/www.hotelmaranellovillage.com\\\/de\\\/residence\\\/dreizimmerwohnung\\\/\"]}]},{\"@type\":\"ImageObject\",\"inLanguage\":\"de\",\"@id\":\"https:\\\/\\\/www.hotelmaranellovillage.com\\\/de\\\/residence\\\/dreizimmerwohnung\\\/#primaryimage\",\"url\":\"https:\\\/\\\/www.hotelmaranellovillage.com\\\/wp-content\\\/uploads\\\/2026\\\/03\\\/hotel-maranello-village-appartamento-trilocale-maranello-05.jpg\",\"contentUrl\":\"https:\\\/\\\/www.hotelmaranellovillage.com\\\/wp-content\\\/uploads\\\/2026\\\/03\\\/hotel-maranello-village-appartamento-trilocale-maranello-05.jpg\",\"width\":1200,\"height\":800},{\"@type\":\"BreadcrumbList\",\"@id\":\"https:\\\/\\\/www.hotelmaranellovillage.com\\\/de\\\/residence\\\/dreizimmerwohnung\\\/#breadcrumb\",\"itemListElement\":[{\"@type\":\"ListItem\",\"position\":1,\"name\":\"Home\",\"item\":\"https:\\\/\\\/www.hotelmaranellovillage.com\\\/de\\\/startseite\\\/\"},{\"@type\":\"ListItem\",\"position\":2,\"name\":\"Residence\",\"item\":\"https:\\\/\\\/www.hotelmaranellovillage.com\\\/de\\\/residence\\\/\"},{\"@type\":\"ListItem\",\"position\":3,\"name\":\"Dreizimmerwohnung\"}]},{\"@type\":\"WebSite\",\"@id\":\"https:\\\/\\\/www.hotelmaranellovillage.com\\\/fr\\\/#website\",\"url\":\"https:\\\/\\\/www.hotelmaranellovillage.com\\\/fr\\\/\",\"name\":\"Maranello Village\",\"description\":\"Hotel &amp; Residence Sito Ufficiale\",\"publisher\":{\"@id\":\"https:\\\/\\\/www.hotelmaranellovillage.com\\\/fr\\\/#organization\"},\"alternateName\":\"HMV\",\"potentialAction\":[{\"@type\":\"SearchAction\",\"target\":{\"@type\":\"EntryPoint\",\"urlTemplate\":\"https:\\\/\\\/www.hotelmaranellovillage.com\\\/fr\\\/?s={search_term_string}\"},\"query-input\":{\"@type\":\"PropertyValueSpecification\",\"valueRequired\":true,\"valueName\":\"search_term_string\"}}],\"inLanguage\":\"de\"},{\"@type\":\"Organization\",\"@id\":\"https:\\\/\\\/www.hotelmaranellovillage.com\\\/fr\\\/#organization\",\"name\":\"Hotel & Residence 4 stelle\",\"url\":\"https:\\\/\\\/www.hotelmaranellovillage.com\\\/fr\\\/\",\"logo\":{\"@type\":\"ImageObject\",\"inLanguage\":\"de\",\"@id\":\"https:\\\/\\\/www.hotelmaranellovillage.com\\\/fr\\\/#\\\/schema\\\/logo\\\/image\\\/\",\"url\":\"https:\\\/\\\/www.hotelmaranellovillage.com\\\/wp-content\\\/uploads\\\/2026\\\/04\\\/maranello-village-logo-2026.png\",\"contentUrl\":\"https:\\\/\\\/www.hotelmaranellovillage.com\\\/wp-content\\\/uploads\\\/2026\\\/04\\\/maranello-village-logo-2026.png\",\"width\":800,\"height\":256,\"caption\":\"Hotel & Residence 4 stelle\"},\"image\":{\"@id\":\"https:\\\/\\\/www.hotelmaranellovillage.com\\\/fr\\\/#\\\/schema\\\/logo\\\/image\\\/\"},\"sameAs\":[\"https:\\\/\\\/www.facebook.com\\\/MaranelloVillage\",\"https:\\\/\\\/www.instagram.com\\\/hotelmaranellovillage\\\/\",\"https:\\\/\\\/it.linkedin.com\\\/company\\\/maranello-village-hotel-\"]}]}<\/script>\n<!-- \/ Yoast SEO plugin. -->","yoast_head_json":{"title":"Dreizimmerwohnung | Maranello Village - Hotel & Residence Sito Ufficiale","robots":{"index":"index","follow":"follow","max-snippet":"max-snippet:-1","max-image-preview":"max-image-preview:large","max-video-preview":"max-video-preview:-1"},"canonical":"https:\/\/www.hotelmaranellovillage.com\/de\/residence\/dreizimmerwohnung\/","og_locale":"de_DE","og_type":"article","og_title":"Dreizimmerwohnung | Maranello Village - Hotel & Residence Sito Ufficiale","og_description":"[vc_row full_width=&#8220;stretch_row_content_no_spaces&#8220; content_placement=&#8220;middle&#8220;][vc_column width=&#8220;1\/2&#8243; css=&#8220;.vc_custom_1772647186520{padding-top: 0px !important;background-image: url(https:\/\/www.hotelmaranellovillage.com\/wp-content\/uploads\/2026\/03\/hotel-maranello-village-appartamento-trilocale-maranello-05.jpg?id=291) !important;background-position: center !important;background-repeat: no-repeat !important;background-size: cover !important;}&#8220;][\/vc_column][vc_column width=&#8220;1\/3&#8243; offset=&#8220;vc_col-sm-offset-1&#8243;][vc_column_text css=&#8220;&#8220;]Die Zweizimmerwohnungen der Residence Maranello Village verf\u00fcgen \u00fcber zwei Schlafzimmer und sind die ideale L\u00f6sung f\u00fcr Familien oder Gruppen von Arbeitnehmern, die sich eine Wohnung teilen m\u00f6chten. Auch hier haben Sie je nach gew\u00e4hltem Tarif eine gro\u00dfe Auswahl [&hellip;]","og_url":"https:\/\/www.hotelmaranellovillage.com\/de\/residence\/dreizimmerwohnung\/","og_site_name":"Maranello Village","article_publisher":"https:\/\/www.facebook.com\/MaranelloVillage","article_modified_time":"2026-04-24T10:49:26+00:00","og_image":[{"width":1200,"height":800,"url":"https:\/\/www.hotelmaranellovillage.com\/wp-content\/uploads\/2026\/03\/hotel-maranello-village-appartamento-trilocale-maranello-05.jpg","type":"image\/jpeg"}],"twitter_card":"summary_large_image","twitter_misc":{"Gesch\u00e4tzte Lesezeit":"3\u00a0Minuten"},"schema":{"@context":"https:\/\/schema.org","@graph":[{"@type":"WebPage","@id":"https:\/\/www.hotelmaranellovillage.com\/de\/residence\/dreizimmerwohnung\/","url":"https:\/\/www.hotelmaranellovillage.com\/de\/residence\/dreizimmerwohnung\/","name":"Dreizimmerwohnung | Maranello Village - Hotel & Residence Sito Ufficiale","isPartOf":{"@id":"https:\/\/www.hotelmaranellovillage.com\/fr\/#website"},"primaryImageOfPage":{"@id":"https:\/\/www.hotelmaranellovillage.com\/de\/residence\/dreizimmerwohnung\/#primaryimage"},"image":{"@id":"https:\/\/www.hotelmaranellovillage.com\/de\/residence\/dreizimmerwohnung\/#primaryimage"},"thumbnailUrl":"https:\/\/www.hotelmaranellovillage.com\/wp-content\/uploads\/2026\/03\/hotel-maranello-village-appartamento-trilocale-maranello-05.jpg","datePublished":"2026-02-11T18:07:59+00:00","dateModified":"2026-04-24T10:49:26+00:00","breadcrumb":{"@id":"https:\/\/www.hotelmaranellovillage.com\/de\/residence\/dreizimmerwohnung\/#breadcrumb"},"inLanguage":"de","potentialAction":[{"@type":"ReadAction","target":["https:\/\/www.hotelmaranellovillage.com\/de\/residence\/dreizimmerwohnung\/"]}]},{"@type":"ImageObject","inLanguage":"de","@id":"https:\/\/www.hotelmaranellovillage.com\/de\/residence\/dreizimmerwohnung\/#primaryimage","url":"https:\/\/www.hotelmaranellovillage.com\/wp-content\/uploads\/2026\/03\/hotel-maranello-village-appartamento-trilocale-maranello-05.jpg","contentUrl":"https:\/\/www.hotelmaranellovillage.com\/wp-content\/uploads\/2026\/03\/hotel-maranello-village-appartamento-trilocale-maranello-05.jpg","width":1200,"height":800},{"@type":"BreadcrumbList","@id":"https:\/\/www.hotelmaranellovillage.com\/de\/residence\/dreizimmerwohnung\/#breadcrumb","itemListElement":[{"@type":"ListItem","position":1,"name":"Home","item":"https:\/\/www.hotelmaranellovillage.com\/de\/startseite\/"},{"@type":"ListItem","position":2,"name":"Residence","item":"https:\/\/www.hotelmaranellovillage.com\/de\/residence\/"},{"@type":"ListItem","position":3,"name":"Dreizimmerwohnung"}]},{"@type":"WebSite","@id":"https:\/\/www.hotelmaranellovillage.com\/fr\/#website","url":"https:\/\/www.hotelmaranellovillage.com\/fr\/","name":"Maranello Village","description":"Hotel &amp; Residence Sito Ufficiale","publisher":{"@id":"https:\/\/www.hotelmaranellovillage.com\/fr\/#organization"},"alternateName":"HMV","potentialAction":[{"@type":"SearchAction","target":{"@type":"EntryPoint","urlTemplate":"https:\/\/www.hotelmaranellovillage.com\/fr\/?s={search_term_string}"},"query-input":{"@type":"PropertyValueSpecification","valueRequired":true,"valueName":"search_term_string"}}],"inLanguage":"de"},{"@type":"Organization","@id":"https:\/\/www.hotelmaranellovillage.com\/fr\/#organization","name":"Hotel & Residence 4 stelle","url":"https:\/\/www.hotelmaranellovillage.com\/fr\/","logo":{"@type":"ImageObject","inLanguage":"de","@id":"https:\/\/www.hotelmaranellovillage.com\/fr\/#\/schema\/logo\/image\/","url":"https:\/\/www.hotelmaranellovillage.com\/wp-content\/uploads\/2026\/04\/maranello-village-logo-2026.png","contentUrl":"https:\/\/www.hotelmaranellovillage.com\/wp-content\/uploads\/2026\/04\/maranello-village-logo-2026.png","width":800,"height":256,"caption":"Hotel & Residence 4 stelle"},"image":{"@id":"https:\/\/www.hotelmaranellovillage.com\/fr\/#\/schema\/logo\/image\/"},"sameAs":["https:\/\/www.facebook.com\/MaranelloVillage","https:\/\/www.instagram.com\/hotelmaranellovillage\/","https:\/\/it.linkedin.com\/company\/maranello-village-hotel-"]}]}},"_links":{"self":[{"href":"https:\/\/www.hotelmaranellovillage.com\/de\/wp-json\/wp\/v2\/pages\/722","targetHints":{"allow":["GET"]}}],"collection":[{"href":"https:\/\/www.hotelmaranellovillage.com\/de\/wp-json\/wp\/v2\/pages"}],"about":[{"href":"https:\/\/www.hotelmaranellovillage.com\/de\/wp-json\/wp\/v2\/types\/page"}],"author":[{"embeddable":true,"href":"https:\/\/www.hotelmaranellovillage.com\/de\/wp-json\/wp\/v2\/users\/1"}],"replies":[{"embeddable":true,"href":"https:\/\/www.hotelmaranellovillage.com\/de\/wp-json\/wp\/v2\/comments?post=722"}],"version-history":[{"count":6,"href":"https:\/\/www.hotelmaranellovillage.com\/de\/wp-json\/wp\/v2\/pages\/722\/revisions"}],"predecessor-version":[{"id":1498,"href":"https:\/\/www.hotelmaranellovillage.com\/de\/wp-json\/wp\/v2\/pages\/722\/revisions\/1498"}],"up":[{"embeddable":true,"href":"https:\/\/www.hotelmaranellovillage.com\/de\/wp-json\/wp\/v2\/pages\/1061"}],"wp:featuredmedia":[{"embeddable":true,"href":"https:\/\/www.hotelmaranellovillage.com\/de\/wp-json\/wp\/v2\/media\/727"}],"wp:attachment":[{"href":"https:\/\/www.hotelmaranellovillage.com\/de\/wp-json\/wp\/v2\/media?parent=722"}],"curies":[{"name":"wp","href":"https:\/\/api.w.org\/{rel}","templated":true}]}}